{"id":1385,"date":"2017-08-19T16:02:44","date_gmt":"2017-08-19T14:02:44","guid":{"rendered":"http:\/\/stefaniebischoff.de\/?page_id=1385"},"modified":"2017-09-01T10:20:41","modified_gmt":"2017-09-01T08:20:41","slug":"gemischtes-doppel","status":"publish","type":"page","link":"https:\/\/stefaniebischoff.de\/?page_id=1385","title":{"rendered":"Gemischtes Doppel"},"content":{"rendered":"<p><a href=\"http:\/\/stefaniebischoff.de\/wp-content\/uploads\/2017\/08\/gem-doppel-wf.jpg\" data-rel=\"lightbox-image-0\" data-rl_title=\"\" data-rl_caption=\"\" title=\"\"><img decoding=\"async\" loading=\"lazy\" class=\"alignnone wp-image-1498 size-large\" src=\"http:\/\/stefaniebischoff.de\/wp-content\/uploads\/2017\/08\/gem-doppel-wf-1024x751.jpg\" alt=\"\" height=\"458\" width=\"625\" srcset=\"https:\/\/stefaniebischoff.de\/wp-content\/uploads\/2017\/08\/gem-doppel-wf-1024x751.jpg 1024w, https:\/\/stefaniebischoff.de\/wp-content\/uploads\/2017\/08\/gem-doppel-wf-300x220.jpg 300w, https:\/\/stefaniebischoff.de\/wp-content\/uploads\/2017\/08\/gem-doppel-wf-768x563.jpg 768w, https:\/\/stefaniebischoff.de\/wp-content\/uploads\/2017\/08\/gem-doppel-wf-624x457.jpg 624w, https:\/\/stefaniebischoff.de\/wp-content\/uploads\/2017\/08\/gem-doppel-wf.jpg 1772w\" sizes=\"(max-width: 625px) 100vw, 625px\" \/><\/a><\/p>\n<p>Eine Audioinstallation f\u00fcr 2 Besucher<\/p>\n<p>29. April \u2013&nbsp; 28. Mai 2016<\/p>\n<p>Konzept und Realisation: Stefanie Bischoff und Christian Wei\u00df<\/p>\n<p>Zwei Stimmen, eine reale und eine imagin\u00e4re Begegnung in einer kleinen Box.&nbsp;Ein Freundespaar, welches nur als Stimme anwesend ist. Die Geschichte dieser besonderen Freundschaft. Setz dich und schau deinem Gegen\u00fcber in die Augen.&nbsp;W\u00e4hrend des Zuh\u00f6rens ver\u00e4ndert sich etwas zwischen Dir und der anderen Person.&nbsp;Was verbindet dich mit anderen Menschen? Mit wem umgibst du dich und warum? Es geht um die Beziehungen zu anderen, die viel \u00fcber dich selbst verraten.&nbsp;Freundschaft als Reflexions- und Projektionsfl\u00e4che f\u00fcr Gedankenspr\u00fcnge, zur Selbstbefragung und Erkenntnis.<\/p>\n<p>Mit freundlicher Unterst\u00fctzung des Kulturamts der Stadt Wolfenb\u00fcttel<\/p>\n<p><em><br \/>\n<\/em><\/p>\n","protected":false},"excerpt":{"rendered":"<p>Eine Audioinstallation f\u00fcr 2 Besucher 29. April \u2013&nbsp; 28. Mai 2016 Konzept und Realisation: Stefanie Bischoff und Christian Wei\u00df Zwei Stimmen, eine reale und eine imagin\u00e4re Begegnung in einer kleinen Box.&nbsp;Ein Freundespaar, welches nur als Stimme anwesend ist. Die Geschichte dieser besonderen Freundschaft. Setz dich und schau deinem Gegen\u00fcber in die Augen.&nbsp;W\u00e4hrend des Zuh\u00f6rens ver\u00e4ndert [&hellip;]<\/p>\n","protected":false},"author":1,"featured_media":0,"parent":0,"menu_order":0,"comment_status":"closed","ping_status":"closed","template":"","meta":{"ngg_post_thumbnail":0},"_links":{"self":[{"href":"https:\/\/stefaniebischoff.de\/index.php?rest_route=\/wp\/v2\/pages\/1385"}],"collection":[{"href":"https:\/\/stefaniebischoff.de\/index.php?rest_route=\/wp\/v2\/pages"}],"about":[{"href":"https:\/\/stefaniebischoff.de\/index.php?rest_route=\/wp\/v2\/types\/page"}],"author":[{"embeddable":true,"href":"https:\/\/stefaniebischoff.de\/index.php?rest_route=\/wp\/v2\/users\/1"}],"replies":[{"embeddable":true,"href":"https:\/\/stefaniebischoff.de\/index.php?rest_route=%2Fwp%2Fv2%2Fcomments&post=1385"}],"version-history":[{"count":7,"href":"https:\/\/stefaniebischoff.de\/index.php?rest_route=\/wp\/v2\/pages\/1385\/revisions"}],"predecessor-version":[{"id":1511,"href":"https:\/\/stefaniebischoff.de\/index.php?rest_route=\/wp\/v2\/pages\/1385\/revisions\/1511"}],"wp:attachment":[{"href":"https:\/\/stefaniebischoff.de\/index.php?rest_route=%2Fwp%2Fv2%2Fmedia&parent=1385"}],"curies":[{"name":"wp","href":"https:\/\/api.w.org\/{rel}","templated":true}]}}